{"id":6800,"date":"2020-02-26T15:38:51","date_gmt":"2020-02-26T15:38:51","guid":{"rendered":"https:\/\/dev1.cnp-mallorca.info\/blog\/?page_id=6800"},"modified":"2020-05-18T09:33:29","modified_gmt":"2020-05-18T09:33:29","slug":"andratx","status":"publish","type":"page","link":"https:\/\/www.mallorcaimmobilien.com\/blog\/en\/information\/mallorca-information\/andratx\/","title":{"rendered":"Andratx"},"content":{"rendered":"<p><img loading=\"lazy\" decoding=\"async\" class=\"alignnone size-full wp-image-7427\" src=\"https:\/\/www.mallorcaimmobilien.com\/blog\/en\/wp-content\/uploads\/2020\/05\/andrax.jpg\" alt=\"\" width=\"750\" height=\"197\" srcset=\"https:\/\/www.mallorcaimmobilien.com\/blog\/en\/wp-content\/uploads\/2020\/05\/andrax.jpg 750w, https:\/\/www.mallorcaimmobilien.com\/blog\/en\/wp-content\/uploads\/2020\/05\/andrax-330x87.jpg 330w\" sizes=\"auto, (max-width: 750px) 100vw, 750px\" \/><\/p>\n<h1>Puerto Andratx<\/h1>\n<p>Puerto Andratx is situated in the southwest of the island , of Mallorca and belongs to the municipality of Andratx, next to Calvia. Charming Puerto Andratx with approx. 3200 inhabitants offers a fishing village with exclusive marina and a harbour front. The idyllic town in a wide bay is situated amidst the mountains. Everything for your daily needs, noble boutiques, cafes and restaurants are in the idyllic center or the promenade. Enjoy fantastic views to the marina and the mountains from the frontline restaurants and cafes.<\/p>\n<p>Specialties here are of course seafood and fresh fish from the local fish market. The beautiful center with typical buildings offers a special ambience with church, small streets and hidden restaurants. Boutiques and shops invite for a pleasant shopping. Outstanding locations with impressive sea views and exclusive real estate are on the surrounding hillsides like the peninsula La Mola, Monport or Cala Marmacen. A beachclub with mediterranean restaurant is located in Cala Llamp.<\/p>\n<p>The golf course Golf de Andratx is a short drive away in Camp de Mar connected to the Dorinth Hotel. Here you can find a nice sandy beach.<\/p>\n<p>The town Andratx is just 2 km from Puerto Andratx away, here is the administration of the municipality. The traditional town Andratx has a weekly market, small streets and typical town houses. Close to Andratx is the vineyard Bodega Santa Catarina for viewing and shopping. The capital Palma de Mallorca is within a 25 minutes &#8216;drive away by comfortable motorway.<\/p>\n<p>&nbsp;<\/p>\n","protected":false},"excerpt":{"rendered":"<p>Puerto Andratx Puerto Andratx is situated in the southwest of the island , of Mallorca and belongs to the municipality of Andratx, next to Calvia. Charming Puerto Andratx with approx. 3200 inhabitants offers a fishing village with exclusive marina and a harbour front. The idyllic town in a wide bay is situated amidst the mountains. [&hellip;]<\/p>\n","protected":false},"author":2,"featured_media":7427,"parent":6792,"menu_order":0,"comment_status":"closed","ping_status":"closed","template":"","meta":{"footnotes":""},"class_list":["post-6800","page","type-page","status-publish","has-post-thumbnail","hentry"],"yoast_head":"<!-- This site is optimized with the Yoast SEO plugin v27.5 - https:\/\/yoast.com\/product\/yoast-seo-wordpress\/ -->\n<title>Andratx - Immobilien Mallorca Blog<\/title>\n<meta name=\"description\" content=\"Ein Ort im \u00e4u\u00dfersten S\u00fcdwesten der Insel Mallorca. Er geh\u00f6rt zur Gemeinde Andratx, die sich westlich direkt an die Gemeinde Calv\u00ed\u00e1 anschlie\u00dft.\" \/>\n<meta name=\"robots\" content=\"index, follow, max-snippet:-1, max-image-preview:large, max-video-preview:-1\" \/>\n<link rel=\"canonical\" href=\"https:\/\/www.mallorcaimmobilien.com\/blog\/en\/information\/mallorca-information\/andratx\/\" \/>\n<meta property=\"og:locale\" content=\"en_GB\" \/>\n<meta property=\"og:type\" content=\"article\" \/>\n<meta property=\"og:title\" content=\"Andratx - Immobilien Mallorca Blog\" \/>\n<meta property=\"og:description\" content=\"Ein Ort im \u00e4u\u00dfersten S\u00fcdwesten der Insel Mallorca. Er geh\u00f6rt zur Gemeinde Andratx, die sich westlich direkt an die Gemeinde Calv\u00ed\u00e1 anschlie\u00dft.\" \/>\n<meta property=\"og:url\" content=\"https:\/\/www.mallorcaimmobilien.com\/blog\/en\/information\/mallorca-information\/andratx\/\" \/>\n<meta property=\"og:site_name\" content=\"Immobilien Mallorca Blog\" \/>\n<meta property=\"article:publisher\" content=\"https:\/\/www.facebook.com\/casanova.immobilien.mallorca\" \/>\n<meta property=\"article:modified_time\" content=\"2020-05-18T09:33:29+00:00\" \/>\n<meta property=\"og:image\" content=\"https:\/\/www.mallorcaimmobilien.com\/blog\/en\/wp-content\/uploads\/2020\/05\/andrax.jpg\" \/>\n\t<meta property=\"og:image:width\" content=\"750\" \/>\n\t<meta property=\"og:image:height\" content=\"197\" \/>\n\t<meta property=\"og:image:type\" content=\"image\/jpeg\" \/>\n<meta name=\"twitter:card\" content=\"summary_large_image\" \/>\n<meta name=\"twitter:site\" content=\"@Immosantaponsa\" \/>\n<meta name=\"twitter:label1\" content=\"Estimated reading time\" \/>\n\t<meta name=\"twitter:data1\" content=\"1 minute\" \/>\n<script type=\"application\/ld+json\" class=\"yoast-schema-graph\">{\"@context\":\"https:\\\/\\\/schema.org\",\"@graph\":[{\"@type\":\"WebPage\",\"@id\":\"https:\\\/\\\/www.mallorcaimmobilien.com\\\/blog\\\/en\\\/information\\\/mallorca-information\\\/andratx\\\/\",\"url\":\"https:\\\/\\\/www.mallorcaimmobilien.com\\\/blog\\\/en\\\/information\\\/mallorca-information\\\/andratx\\\/\",\"name\":\"Andratx - Immobilien Mallorca Blog\",\"isPartOf\":{\"@id\":\"https:\\\/\\\/www.mallorcaimmobilien.com\\\/blog\\\/en\\\/#website\"},\"primaryImageOfPage\":{\"@id\":\"https:\\\/\\\/www.mallorcaimmobilien.com\\\/blog\\\/en\\\/information\\\/mallorca-information\\\/andratx\\\/#primaryimage\"},\"image\":{\"@id\":\"https:\\\/\\\/www.mallorcaimmobilien.com\\\/blog\\\/en\\\/information\\\/mallorca-information\\\/andratx\\\/#primaryimage\"},\"thumbnailUrl\":\"https:\\\/\\\/www.mallorcaimmobilien.com\\\/blog\\\/en\\\/wp-content\\\/uploads\\\/2020\\\/05\\\/andrax.jpg\",\"datePublished\":\"2020-02-26T15:38:51+00:00\",\"dateModified\":\"2020-05-18T09:33:29+00:00\",\"description\":\"Ein Ort im \u00e4u\u00dfersten S\u00fcdwesten der Insel Mallorca. Er geh\u00f6rt zur Gemeinde Andratx, die sich westlich direkt an die Gemeinde Calv\u00ed\u00e1 anschlie\u00dft.\",\"breadcrumb\":{\"@id\":\"https:\\\/\\\/www.mallorcaimmobilien.com\\\/blog\\\/en\\\/information\\\/mallorca-information\\\/andratx\\\/#breadcrumb\"},\"inLanguage\":\"en-GB\",\"potentialAction\":[{\"@type\":\"ReadAction\",\"target\":[\"https:\\\/\\\/www.mallorcaimmobilien.com\\\/blog\\\/en\\\/information\\\/mallorca-information\\\/andratx\\\/\"]}]},{\"@type\":\"ImageObject\",\"inLanguage\":\"en-GB\",\"@id\":\"https:\\\/\\\/www.mallorcaimmobilien.com\\\/blog\\\/en\\\/information\\\/mallorca-information\\\/andratx\\\/#primaryimage\",\"url\":\"https:\\\/\\\/www.mallorcaimmobilien.com\\\/blog\\\/en\\\/wp-content\\\/uploads\\\/2020\\\/05\\\/andrax.jpg\",\"contentUrl\":\"https:\\\/\\\/www.mallorcaimmobilien.com\\\/blog\\\/en\\\/wp-content\\\/uploads\\\/2020\\\/05\\\/andrax.jpg\",\"width\":750,\"height\":197,\"caption\":\"andrax\"},{\"@type\":\"BreadcrumbList\",\"@id\":\"https:\\\/\\\/www.mallorcaimmobilien.com\\\/blog\\\/en\\\/information\\\/mallorca-information\\\/andratx\\\/#breadcrumb\",\"itemListElement\":[{\"@type\":\"ListItem\",\"position\":1,\"name\":\"Startseite\",\"item\":\"https:\\\/\\\/www.mallorcaimmobilien.com\\\/blog\\\/en\\\/\"},{\"@type\":\"ListItem\",\"position\":2,\"name\":\"Information\",\"item\":\"https:\\\/\\\/www.mallorcaimmobilien.com\\\/blog\\\/en\\\/information\\\/\"},{\"@type\":\"ListItem\",\"position\":3,\"name\":\"Mallorca Information\",\"item\":\"https:\\\/\\\/www.mallorcaimmobilien.com\\\/blog\\\/en\\\/information\\\/mallorca-information\\\/\"},{\"@type\":\"ListItem\",\"position\":4,\"name\":\"Andratx\"}]},{\"@type\":\"WebSite\",\"@id\":\"https:\\\/\\\/www.mallorcaimmobilien.com\\\/blog\\\/en\\\/#website\",\"url\":\"https:\\\/\\\/www.mallorcaimmobilien.com\\\/blog\\\/en\\\/\",\"name\":\"Immobilien Mallorca Blog\",\"description\":\"Casa Nova Properties\",\"publisher\":{\"@id\":\"https:\\\/\\\/www.mallorcaimmobilien.com\\\/blog\\\/en\\\/#organization\"},\"potentialAction\":[{\"@type\":\"SearchAction\",\"target\":{\"@type\":\"EntryPoint\",\"urlTemplate\":\"https:\\\/\\\/www.mallorcaimmobilien.com\\\/blog\\\/en\\\/?s={search_term_string}\"},\"query-input\":{\"@type\":\"PropertyValueSpecification\",\"valueRequired\":true,\"valueName\":\"search_term_string\"}}],\"inLanguage\":\"en-GB\"},{\"@type\":\"Organization\",\"@id\":\"https:\\\/\\\/www.mallorcaimmobilien.com\\\/blog\\\/en\\\/#organization\",\"name\":\"Casa Nova Properties S. L.\",\"url\":\"https:\\\/\\\/www.mallorcaimmobilien.com\\\/blog\\\/en\\\/\",\"logo\":{\"@type\":\"ImageObject\",\"inLanguage\":\"en-GB\",\"@id\":\"https:\\\/\\\/www.mallorcaimmobilien.com\\\/blog\\\/en\\\/#\\\/schema\\\/logo\\\/image\\\/\",\"url\":\"https:\\\/\\\/www.mallorcaimmobilien.com\\\/blog\\\/en\\\/wp-content\\\/uploads\\\/2020\\\/02\\\/casanovalogo-web.png\",\"contentUrl\":\"https:\\\/\\\/www.mallorcaimmobilien.com\\\/blog\\\/en\\\/wp-content\\\/uploads\\\/2020\\\/02\\\/casanovalogo-web.png\",\"width\":478,\"height\":152,\"caption\":\"Casa Nova Properties S. L.\"},\"image\":{\"@id\":\"https:\\\/\\\/www.mallorcaimmobilien.com\\\/blog\\\/en\\\/#\\\/schema\\\/logo\\\/image\\\/\"},\"sameAs\":[\"https:\\\/\\\/www.facebook.com\\\/casanova.immobilien.mallorca\",\"https:\\\/\\\/x.com\\\/Immosantaponsa\",\"https:\\\/\\\/www.instagram.com\\\/casanovaproperties.mallorca\\\/\",\"http:\\\/\\\/www.pinterest.com\\\/cnpimmobilien\\\/\",\"https:\\\/\\\/www.youtube.com\\\/channel\\\/UC9PGIa8TcOBJrQEx3uGuLgw\"]}]}<\/script>\n<!-- \/ Yoast SEO plugin. -->","yoast_head_json":{"title":"Andratx - Immobilien Mallorca Blog","description":"Ein Ort im \u00e4u\u00dfersten S\u00fcdwesten der Insel Mallorca. Er geh\u00f6rt zur Gemeinde Andratx, die sich westlich direkt an die Gemeinde Calv\u00ed\u00e1 anschlie\u00dft.","robots":{"index":"index","follow":"follow","max-snippet":"max-snippet:-1","max-image-preview":"max-image-preview:large","max-video-preview":"max-video-preview:-1"},"canonical":"https:\/\/www.mallorcaimmobilien.com\/blog\/en\/information\/mallorca-information\/andratx\/","og_locale":"en_GB","og_type":"article","og_title":"Andratx - Immobilien Mallorca Blog","og_description":"Ein Ort im \u00e4u\u00dfersten S\u00fcdwesten der Insel Mallorca. Er geh\u00f6rt zur Gemeinde Andratx, die sich westlich direkt an die Gemeinde Calv\u00ed\u00e1 anschlie\u00dft.","og_url":"https:\/\/www.mallorcaimmobilien.com\/blog\/en\/information\/mallorca-information\/andratx\/","og_site_name":"Immobilien Mallorca Blog","article_publisher":"https:\/\/www.facebook.com\/casanova.immobilien.mallorca","article_modified_time":"2020-05-18T09:33:29+00:00","og_image":[{"width":750,"height":197,"url":"https:\/\/www.mallorcaimmobilien.com\/blog\/en\/wp-content\/uploads\/2020\/05\/andrax.jpg","type":"image\/jpeg"}],"twitter_card":"summary_large_image","twitter_site":"@Immosantaponsa","twitter_misc":{"Estimated reading time":"1 minute"},"schema":{"@context":"https:\/\/schema.org","@graph":[{"@type":"WebPage","@id":"https:\/\/www.mallorcaimmobilien.com\/blog\/en\/information\/mallorca-information\/andratx\/","url":"https:\/\/www.mallorcaimmobilien.com\/blog\/en\/information\/mallorca-information\/andratx\/","name":"Andratx - Immobilien Mallorca Blog","isPartOf":{"@id":"https:\/\/www.mallorcaimmobilien.com\/blog\/en\/#website"},"primaryImageOfPage":{"@id":"https:\/\/www.mallorcaimmobilien.com\/blog\/en\/information\/mallorca-information\/andratx\/#primaryimage"},"image":{"@id":"https:\/\/www.mallorcaimmobilien.com\/blog\/en\/information\/mallorca-information\/andratx\/#primaryimage"},"thumbnailUrl":"https:\/\/www.mallorcaimmobilien.com\/blog\/en\/wp-content\/uploads\/2020\/05\/andrax.jpg","datePublished":"2020-02-26T15:38:51+00:00","dateModified":"2020-05-18T09:33:29+00:00","description":"Ein Ort im \u00e4u\u00dfersten S\u00fcdwesten der Insel Mallorca. Er geh\u00f6rt zur Gemeinde Andratx, die sich westlich direkt an die Gemeinde Calv\u00ed\u00e1 anschlie\u00dft.","breadcrumb":{"@id":"https:\/\/www.mallorcaimmobilien.com\/blog\/en\/information\/mallorca-information\/andratx\/#breadcrumb"},"inLanguage":"en-GB","potentialAction":[{"@type":"ReadAction","target":["https:\/\/www.mallorcaimmobilien.com\/blog\/en\/information\/mallorca-information\/andratx\/"]}]},{"@type":"ImageObject","inLanguage":"en-GB","@id":"https:\/\/www.mallorcaimmobilien.com\/blog\/en\/information\/mallorca-information\/andratx\/#primaryimage","url":"https:\/\/www.mallorcaimmobilien.com\/blog\/en\/wp-content\/uploads\/2020\/05\/andrax.jpg","contentUrl":"https:\/\/www.mallorcaimmobilien.com\/blog\/en\/wp-content\/uploads\/2020\/05\/andrax.jpg","width":750,"height":197,"caption":"andrax"},{"@type":"BreadcrumbList","@id":"https:\/\/www.mallorcaimmobilien.com\/blog\/en\/information\/mallorca-information\/andratx\/#breadcrumb","itemListElement":[{"@type":"ListItem","position":1,"name":"Startseite","item":"https:\/\/www.mallorcaimmobilien.com\/blog\/en\/"},{"@type":"ListItem","position":2,"name":"Information","item":"https:\/\/www.mallorcaimmobilien.com\/blog\/en\/information\/"},{"@type":"ListItem","position":3,"name":"Mallorca Information","item":"https:\/\/www.mallorcaimmobilien.com\/blog\/en\/information\/mallorca-information\/"},{"@type":"ListItem","position":4,"name":"Andratx"}]},{"@type":"WebSite","@id":"https:\/\/www.mallorcaimmobilien.com\/blog\/en\/#website","url":"https:\/\/www.mallorcaimmobilien.com\/blog\/en\/","name":"Immobilien Mallorca Blog","description":"Casa Nova Properties","publisher":{"@id":"https:\/\/www.mallorcaimmobilien.com\/blog\/en\/#organization"},"potentialAction":[{"@type":"SearchAction","target":{"@type":"EntryPoint","urlTemplate":"https:\/\/www.mallorcaimmobilien.com\/blog\/en\/?s={search_term_string}"},"query-input":{"@type":"PropertyValueSpecification","valueRequired":true,"valueName":"search_term_string"}}],"inLanguage":"en-GB"},{"@type":"Organization","@id":"https:\/\/www.mallorcaimmobilien.com\/blog\/en\/#organization","name":"Casa Nova Properties S. L.","url":"https:\/\/www.mallorcaimmobilien.com\/blog\/en\/","logo":{"@type":"ImageObject","inLanguage":"en-GB","@id":"https:\/\/www.mallorcaimmobilien.com\/blog\/en\/#\/schema\/logo\/image\/","url":"https:\/\/www.mallorcaimmobilien.com\/blog\/en\/wp-content\/uploads\/2020\/02\/casanovalogo-web.png","contentUrl":"https:\/\/www.mallorcaimmobilien.com\/blog\/en\/wp-content\/uploads\/2020\/02\/casanovalogo-web.png","width":478,"height":152,"caption":"Casa Nova Properties S. L."},"image":{"@id":"https:\/\/www.mallorcaimmobilien.com\/blog\/en\/#\/schema\/logo\/image\/"},"sameAs":["https:\/\/www.facebook.com\/casanova.immobilien.mallorca","https:\/\/x.com\/Immosantaponsa","https:\/\/www.instagram.com\/casanovaproperties.mallorca\/","http:\/\/www.pinterest.com\/cnpimmobilien\/","https:\/\/www.youtube.com\/channel\/UC9PGIa8TcOBJrQEx3uGuLgw"]}]}},"_links":{"self":[{"href":"https:\/\/www.mallorcaimmobilien.com\/blog\/en\/wp-json\/wp\/v2\/pages\/6800","targetHints":{"allow":["GET"]}}],"collection":[{"href":"https:\/\/www.mallorcaimmobilien.com\/blog\/en\/wp-json\/wp\/v2\/pages"}],"about":[{"href":"https:\/\/www.mallorcaimmobilien.com\/blog\/en\/wp-json\/wp\/v2\/types\/page"}],"author":[{"embeddable":true,"href":"https:\/\/www.mallorcaimmobilien.com\/blog\/en\/wp-json\/wp\/v2\/users\/2"}],"replies":[{"embeddable":true,"href":"https:\/\/www.mallorcaimmobilien.com\/blog\/en\/wp-json\/wp\/v2\/comments?post=6800"}],"version-history":[{"count":0,"href":"https:\/\/www.mallorcaimmobilien.com\/blog\/en\/wp-json\/wp\/v2\/pages\/6800\/revisions"}],"up":[{"embeddable":true,"href":"https:\/\/www.mallorcaimmobilien.com\/blog\/en\/wp-json\/wp\/v2\/pages\/6792"}],"wp:featuredmedia":[{"embeddable":true,"href":"https:\/\/www.mallorcaimmobilien.com\/blog\/en\/wp-json\/wp\/v2\/media\/7427"}],"wp:attachment":[{"href":"https:\/\/www.mallorcaimmobilien.com\/blog\/en\/wp-json\/wp\/v2\/media?parent=6800"}],"curies":[{"name":"wp","href":"https:\/\/api.w.org\/{rel}","templated":true}]}}